{"id":12652,"date":"2023-10-09T10:10:16","date_gmt":"2023-10-09T10:10:16","guid":{"rendered":"https:\/\/aus.tctprojects.com\/politica-de-privacitat\/"},"modified":"2023-10-26T11:50:00","modified_gmt":"2023-10-26T11:50:00","slug":"politica-de-privacidad","status":"publish","type":"page","link":"https:\/\/aus.arquitectes.cat\/es\/politica-de-privacidad\/","title":{"rendered":"Pol\u00edtica de privacidad"},"content":{"rendered":"<p>De acuerdo con el que dispone el Reglamento (UE)\u00a02016\/679\u00a0de 27 de abril de 2016 (en lo sucesivo, \u00abRGPD\u00bb) y la Ley Org\u00e1nica de Protecci\u00f3n de Datos y de Garant\u00eda de los Derechos Digitales (en lo sucesivo, \u201c*LOPDGDD\u201d), el Colegio de Arquitectos de Catalu\u00f1a (en lo sucesivo, \u00ab*COAC\u00bb) quiere que el Usuario conozca cu\u00e1l es la Pol\u00edtica de Privacidad aplicada respecto a sus datos personales.<\/p>\n<p>Informaci\u00f3n adicional<\/p>\n<p><strong>Datos del Responsable del Tratamiento<\/strong><\/p>\n<table style=\"font-weight: 400;\">\n<tbody style=\"font-style: inherit; font-weight: inherit;\">\n<tr style=\"font-style: inherit; font-weight: inherit;\">\n<td style=\"font-style: inherit; font-weight: inherit;\">Identidad<\/td>\n<td style=\"font-style: inherit; font-weight: inherit;\"><b><strong style=\"font-style: inherit;\">Colegio de Arquitectos de Catalunya \u201cCOAC\u201d<\/strong><\/b><\/td>\n<\/tr>\n<tr style=\"font-style: inherit; font-weight: inherit;\">\n<td style=\"font-style: inherit; font-weight: inherit;\">N.I.F.<\/td>\n<td style=\"font-style: inherit; font-weight: inherit;\"><b><strong style=\"font-style: inherit;\">Q0875010A<\/strong><\/b><\/td>\n<\/tr>\n<tr style=\"font-style: inherit; font-weight: inherit;\">\n<td style=\"font-style: inherit; font-weight: inherit;\">Direcci\u00f3n\u202fpostal<\/td>\n<td style=\"font-style: inherit; font-weight: inherit;\"><b><strong style=\"font-style: inherit;\">Pla\u00e7a Nova, n\u00ba 5, 08002 Barcelona (Espanya)<\/strong><\/b><\/td>\n<\/tr>\n<tr style=\"font-style: inherit; font-weight: inherit;\">\n<td style=\"font-style: inherit; font-weight: inherit;\">Tel\u00e9fono<\/td>\n<td style=\"font-style: inherit; font-weight: inherit;\"><b><strong style=\"font-style: inherit;\">+ 034 93 301 50 00<\/strong><\/b><\/td>\n<\/tr>\n<tr style=\"font-style: inherit; font-weight: inherit;\">\n<td style=\"font-style: inherit; font-weight: inherit;\">Correo electr\u00f3nico<\/td>\n<td style=\"font-style: inherit; font-weight: inherit;\"><a style=\"font-style: inherit; font-weight: inherit;\" href=\"mailto:coac@coac.cat\"><b><strong style=\"font-style: inherit;\">coac@coac.cat<\/strong><\/b><\/a><\/td>\n<\/tr>\n<tr style=\"font-style: inherit; font-weight: inherit;\">\n<td style=\"font-style: inherit; font-weight: inherit;\">DPO o contacto<\/td>\n<td style=\"font-style: inherit; font-weight: inherit;\"><a style=\"font-style: inherit; font-weight: inherit;\" href=\"mailto:dadespersonals@coac.net\"><b><strong style=\"font-style: inherit;\">dadespersonals@coac.net<\/strong><\/b><\/a><\/td>\n<\/tr>\n<\/tbody>\n<\/table>\n<p style=\"font-weight: 400;\"><strong>Finalidad<\/strong><\/p>\n<p>Se informa al Usuario que los datos personales y de informaci\u00f3n que facilite al COAC se tratar\u00e1n de acuerdo con las siguientes finalidades en funci\u00f3n de la manera en que hayan sido proporcionadas:<\/p>\n<p>Por los colegiados y otras personas vinculadas al COAC, seg\u00fan los art\u00edculos 16 y 28 de los estatutos colegiales: desarrollo de las funciones p\u00fablicas y privadas que atribuyen al COAC la Ley 7\/2006 de ejercicio de profesiones tituladas y de los colegios profesionales de Catalu\u00f1a y los estatutos colegiales, entre las cuales est\u00e1:<\/p>\n<p>&#8211; La gesti\u00f3n y el registro como colegiado.<br \/>\n&#8211; La comunicaci\u00f3n de actividades y ofrecimiento de productos y servicios propios o de terceros que puedan ser de inter\u00e9s por los destinatarios.<\/p>\n<p>Por proveedores y clientes del COAC: cumplimiento del negocio jur\u00eddico concertado. As\u00ed como, la comunicaci\u00f3n de actividades y ofrecimiento de productos y servicios propios o de terceros que puedan ser de inter\u00e9s por los destinatarios.<br \/>\nPor clientes y Usuarios de servicios de arquitectos y sociedades profesionales colegiadas: intervenci\u00f3n colegial de trabajos profesionales, as\u00ed como el ejercicio de las funciones p\u00fablicas deontol\u00f3gicas y de atenci\u00f3n a consumidores y Usuarios.<br \/>\nEnv\u00edo de informaci\u00f3n de inter\u00e9s colegial y, especialmente, de los servicios que el COAC pose a disposici\u00f3n de las personas colegiadas entre las cuales se incluye los servicios de suscripci\u00f3n en los boletines informativos.<br \/>\nLa gesti\u00f3n por el uso de los servicios que lo COAC ofrece a las personas colegiadas.<br \/>\nLa gesti\u00f3n de los cursos y del campus virtual de la escuela SERT. Llevar un registro de alumnos potenciales, evaluaci\u00f3n de sus perfiles y ofrecer informaci\u00f3n de los productos o servicios y acontecimientos de la Escuela Sert que sean de inter\u00e9s del interesado. Gestionar y hacer seguimiento acad\u00e9mico de los alumnos matriculados (an\u00e1lisis de la evoluci\u00f3n y rendimiento, evaluaci\u00f3n y apoyo). Realizar las tramitaciones administrativas necesarias (matriculaciones, gestiones econ\u00f3micas, expedici\u00f3n de certificados y t\u00edtulos.<br \/>\nEl registro y la gesti\u00f3n de la bolsa de trabajo del COAC.<br \/>\nTratar la informaci\u00f3n que facilita un candidato a un puesto de trabajo al COAC con el fin de dar curso a su candidatura en un proceso de selecci\u00f3n al cual haya aplicado, y si se tercia, para contactar en el caso de que el COAC tenga una posici\u00f3n af\u00edn a su formaci\u00f3n y experiencia.<br \/>\nResponder a la consulta telem\u00e1tica realizada por el interesado, irealitzar estudios de opini\u00f3n o valoraciones sobre el servicios de la Escuela Sert.<br \/>\nGestionar y organizar acontecimientos por el mantenimiento de relaciones profesionales y de inter\u00e9s acad\u00e9mico. Llevar un registro de empresas potenciales, evaluaci\u00f3n de sus perfiles y ofrecer informaci\u00f3n de los productos o servicios y acontecimientos de la Escuela Sert que mejor se los adecue y los sean de inter\u00e9s formativo y comercial.<br \/>\nk. La gesti\u00f3n del directorio de busca de arquitectos colegiados.<\/p>\n<p>La gesti\u00f3n y control de los datos del archivo hist\u00f3rico del colegio.<\/p>\n<p>La gesti\u00f3n de las listas de arquitectas y peritos.<\/p>\n<p>Secretar\u00eda virtual. Completar el perfil y los datos econ\u00f3micos del colegiado para tener toda la informaci\u00f3n disponible en l\u00ednea.<\/p>\n<p>Realizar determinadas acciones relacionadas con su colegiaci\u00f3n.<\/p>\n<p>Realizar los tr\u00e1mites correspondientes en el apartado de visados para solicitar y gestionar las autorizaciones correspondientes a los proyectos de arquitectura del colegiado. Si en alg\u00fan momento nos facilita datos de terceros o nos las facilita en un futuro habr\u00e1, con car\u00e1cter previo, haber informado y obtenido el consentimiento del tercero para la utilizaci\u00f3n de sus datos seg\u00fan aqu\u00ed expuesto.<\/p>\n<p>Gestionar el registro de colegiados y no colegiados a los seminarios, cursos u otros acontecimientos organizados por el COAC.<\/p>\n<p>Gestionar las solicitudes de sugerencias, peticiones, quejas y reclamaciones.<\/p>\n<p>Las im\u00e1genes captadas por las c\u00e1maras de seguridad de las instalaciones del COAC son grabadas con el fin de controlar el acceso y garantizar la seguridad de las personas, bienes e instalaciones.<\/p>\n<p><strong>Legitimaci\u00f3n<\/strong><\/p>\n<p>La base de legitimaci\u00f3n por el tratamiento de los datos del Usuario como colegiado es su consentimiento y la relaci\u00f3n contractual con el COAC, en cumplimiento de las obligaciones legales y estatutarias.<\/p>\n<p>La base de legitimaci\u00f3n por el tratamiento de sus datos como proveedores y clientes es la relaci\u00f3n contractual vigente con el COAC.<\/p>\n<p>La base de legitimaci\u00f3n por el tratamiento de los datos del Usuario por la finalidad de enviarle informaci\u00f3n de actividades, servicios y actas del COAC que resulten de su inter\u00e9s es su consentimiento, sin que en ning\u00fan caso la retirada de este consentimiento condicione el tratamiento de los datos en base a las obligaciones legales y estatutarias como persona colegiada.<\/p>\n<p>La base de legitimaci\u00f3n por el tratamiento de los datos del Usuario como alumno potencial es su consentimiento.<\/p>\n<p>La base de legitimaci\u00f3n por el tratamiento de sus datos como alumnos de la Escuela Sert es la relaci\u00f3n contractual vinculada a la formaci\u00f3n que est\u00e9 cursando cada alumno. a base de legitimaci\u00f3n por el tratamiento de los datos del Usuario por la finalidad de enviarle informaci\u00f3n de actividades, servicios y actas de la Escuela Sert que resulten de su inter\u00e9s es su consentimiento, sin que en ning\u00fan caso la retirada de este consentimiento condicione el tratamiento de los datos en base a las obligaciones legales y estatutarias.<\/p>\n<p>La base de legitimaci\u00f3n por el tratamiento de datos de candidatos es su consentimiento.<\/p>\n<p>La base de legitimaci\u00f3n por el tratamiento de sus datos recibidos a trav\u00e9s del formulario de sugerencias, peticiones, quejas y reclamaciones es su solicitud y consentimiento para llevar a cabo la gesti\u00f3n de su solicitud.<\/p>\n<p>La base legitimaci\u00f3n por el tratamiento de las im\u00e1genes captadas por las c\u00e1maras de videovigilancia de las instalaciones del COAC es el inter\u00e9s leg\u00edtimo.<\/p>\n<p><strong>Plazo de conservaci\u00f3n de los datos<\/strong><\/p>\n<p>Los datos vinculados a la relaci\u00f3n contractual con el COAC (colegiados, proveedores, clientes, alumnos y candidatos de la bolsa de trabajo) se conservar\u00e1n un m\u00e1ximo de manantial (10) a\u00f1os desde la finalizaci\u00f3n del servicio. No obstante, al margen del periodo antes mencionado, se conservar\u00e1n los datos del Usuario durante los preceptivos plazos de prescripci\u00f3n a fin de cumplir con nuestras obligaciones legales, para la gesti\u00f3n de nuestros derechos (interponer o defender, si se tercia, una reclamaci\u00f3n), aplicando as\u00ed mismo el que dispone la normativa interna relativa a los periodos de archivo y retenci\u00f3n de documentaci\u00f3n.<\/p>\n<p>Los datos personales proporcionados por el env\u00edo de informaci\u00f3n se conservar\u00e1n mientras no se revoque el consentimiento. El Usuario puede revocar su consentimiento a: dadespersonals@coac.net.<\/p>\n<p>Los datos vinculados a la relaci\u00f3n contractual con el COAC (alumnos y candidatos de la bolsa de trabajo) se conservar\u00e1n un m\u00e1ximo de 12 meses desde la finalizaci\u00f3n del servicio. No obstante, al margen del periodo antes mencionado, se conservar\u00e1n los datos del Usuario durante los preceptivos plazos de prescripci\u00f3n a fin de cumplir con nuestras obligaciones legales, para la gesti\u00f3n de nuestros derechos (interponer o defender, si se tercia, una reclamaci\u00f3n), aplicando as\u00ed mismo el que dispone la normativa interna relativa a los periodos de archivo y retenci\u00f3n de documentaci\u00f3n.<\/p>\n<p>Los datos de candidatos a un puesto de trabajo al COAC se conservar\u00e1n durante uno (1) a\u00f1o desde la recepci\u00f3n de su curr\u00edculum. En el supuesto de que el env\u00edo del curr\u00edculum se haya hecho por un proceso de selecci\u00f3n concreto, los datos personales se suprimir\u00e1n despu\u00e9s de la finalizaci\u00f3n de este, salvo que el interesado autorice su conservaci\u00f3n para futuros procesos de reclutamiento.<\/p>\n<p>Respecto a las solicitudes de sugerencias, peticiones, quejas y reclamaciones, se aplicar\u00e1 el plazo que corresponda legalmente de acuerdo con la normativa aplicable en cada caso.<\/p>\n<p>Las im\u00e1genes se conservar\u00e1n durante treinta (30) d\u00edas, excepto en aquellos supuestos en los que se tengan que conservar para acreditar la comisi\u00f3n de actas que atenten contra la integridad de personas, bienes o las propias instalaciones del COAC o se hayan facilitado a las fuerzas y cuerpos de seguridad.<\/p>\n<p>Destinatarios de los datos: cesionarios y encargados de tratamiento<\/p>\n<p>Informamos que los datos del Usuario no se comunicar\u00e1n a terceros, excepto por obligaci\u00f3n legal. Adem\u00e1s, lo informamos que, en determinados supuestos, podemos comunicar sus datos a otras entidades que nos prestan servicios propios de publicidad, medios digitales y redes sociales, que nos ayudan a prestar nuestros servicios de forma eficiente y siempre al amparo de la normativa vigente y, con las cuales, en su condici\u00f3n de encargados de tratamiento de los datos titularidad de COAC, y en conformidad con el que prev\u00e9 el art\u00edculo 28 GDPR, se ha formalizado un contrato que legitima el acceso de estas entidades a los datos personales y que incluye las obligaciones que tienen que contemplarse en el tratamiento.<\/p>\n<p>Estas excepciones son:<\/p>\n<p>Cuando una norma legal exonere del consentimiento, como es el caso del cumplimiento del deber de colaboraci\u00f3n con los \u00f3rganos judiciales y administraciones p\u00fablicas, la comunicaci\u00f3n de los datos de colegiados y sociedades profesionales al Consejo Superior de Colegios de Arquitectos de Espa\u00f1a, por el cumplimiento de sus funciones, entre ellas el mantenimiento del Registro General de arquitectos.<\/p>\n<p>Cuando la cesi\u00f3n es necesaria para prestar el servicio a trav\u00e9s de un tercero\u202f(encargado de tratamiento), seg\u00fan las siguientes finalidades:<\/p>\n<p>&#8211; Para realizar y gestionar el servicio de correo corporativo y remisiones para correo electr\u00f3nico: CONECTA WIRELESS, S.L. Torre Sarri\u00e1 II &#8211; Can Rabia 3-5, Pl. 4\u00aa, 08017 Barcelona.<\/p>\n<p>&#8211; Para realizar la gesti\u00f3n administrativa de las acciones formativas del COAC:<\/p>\n<p>iThink UPC. Direcci\u00f3n:\u202f\u202fEdificio Nexus I, planta baja. C\/ Grande Capit\u00e1n 2 &#8211; 4, 08034 Barcelona.<\/p>\n<p>&#8211; Para realizar remisiones electr\u00f3nicas de boletines y comunicaciones colegiales:<\/p>\n<p>Mailchimp\u202f(The Rocket Science Group), LLC, 675 Ponce de Leon Ave NE, Suite 5000. Atlanta, GA 30308 USA.<\/p>\n<p>&#8211; Para apoyar a la recepci\u00f3n y gesti\u00f3n de llamadas al Servicio de Atenci\u00f3n al Arquitecto:<\/p>\n<p>ALCANCE SYSTEMS, S.L. Ecuador, 39-45 08029 Barcelona<\/p>\n<p>&#8211; Para gestionar el servicio de biblioteca:<\/p>\n<p>SirsiDynix (SirsiDynix Corporation) 3300 North Ashton Boulevard, Suite 500, Lehi, UT 84043, USA.<\/p>\n<p><strong>Transferencias internacionales de datos<\/strong><\/p>\n<p>Con car\u00e1cter general, el COAC no realiza transferencias de datos fuera de la Uni\u00f3n Europea y el Espacio Econ\u00f3mico Europeo, pero a veces se ve obligado a emplear\u202f proveedores de servicios radicados fuera del mencionado espacio, produci\u00e9ndose por lo tanto transferencias internacionales de datos.<\/p>\n<p>Es el caso de:<\/p>\n<p>&#8211; Mailchimp (The Rocket Science Group) por el servicio de env\u00edo de correos electr\u00f3nicos informativos. \u202f675 Ponce de Leon Avenue NE, Suite 5000 , Atlanta, GA\u202f30308 United States. Consult\u00e1is las\u202fcondiciones legales y de privacidad de Mailchimp, https:\/\/mailchimp.com\/legal\/\u00fanicament disponibles en ingl\u00e9s. Mailchimp certifica los acuerdos con los marcos de Privacy Shield de Estados Unidos y Suiza.<\/p>\n<p>&#8211; SirsiDynix (SirsiDynix Corporation) por la gesti\u00f3n del servicio de biblioteca. 3300 North Ashton Boulevard, Suite 500, Lehi, UT 84043, United States. Consult\u00e1is las condiciones legales y de privacidad de SirsiDynix, http:\/\/www.sirsidynix.com\/privacy \u00fanicamente disponibles en ingl\u00e9s. SirsiDynix certifica los acuerdos con se marcos de Privacy Shield de Estados Unidos y Suissa.<\/p>\n<p><strong>Derechos del interesado<\/strong><\/p>\n<p>Comunicamos al Usuario que tiene derecho a acceder a sus datos personales, as\u00ed como a solicitar la rectificaci\u00f3n de los datos inexactos o, si se tercia, solicitar su supresi\u00f3n cuando, entre otros motivos, los datos ya no sean necesarias por los hasta que fueron recogidas.<\/p>\n<p>En determinadas circunstancias, el Usuario:<\/p>\n<p>y. Podr\u00e1 solicitar la limitaci\u00f3n del tratamiento de sus datos, en este caso \u00fanicamente las conservaremos para el ejercicio o la defensa de reclamaciones.<\/p>\n<p>ii. Por motivos relacionados con su situaci\u00f3n particular, podr\u00e1 oponerse al tratamiento de sus datos, supuesto en el cual los responsables del tratamiento dejar\u00e1n de tratarlas excepto por motivos leg\u00edtimos imperiosos, o el ejercicio o la defensa de posibles reclamaciones; y, en caso de haber facilitado su consentimiento para una finalidad concreta.<\/p>\n<p>iii. Podr\u00e1 retirar, si se tercia, su consentimiento en cualquier momento, lo cual no afectar\u00e1 la licitud del tratamiento basada en el consentimiento previo a su retirada.<\/p>\n<p>As\u00ed mismo, el Usuario tendr\u00e1 derecho a recibir los datos personales que haya facilitado a los responsables del tratamiento, en un formato estructurado, de uso com\u00fan y de lectura mec\u00e1nica, y a transmitirlos a otro responsable del tratamiento sin que los responsables del tratamiento lo puedan impedir. En este sentido, el Usuario podr\u00e1 solicitar que los responsables del tratamiento transmitan directamente, si es t\u00e9cnicamente posible, los datos personales al responsable del tratamiento que el Usuario indique en su comunicaci\u00f3n.<\/p>\n<p>Finalmente, informamos al Usuario que podr\u00e1 ejercer sus derechos mediante el env\u00edo de solicitud a:<\/p>\n<p>&#8211; COAC dirigi\u00e9ndose por escrito, acompa\u00f1ando copia de su DNI, pasaporte o documento equivalente, en la Plaza Nueva, n.\u00ba 5, 08002 Barcelona (Espa\u00f1a), o bien enviando un correo electr\u00f3nico a dadespersonals@coac.net indicando al sobre o al asunto del mensaje: \u201cCOAC Pol\u00edtica de Privacidad\u201d.<\/p>\n<p>Si el Usuario considera que el tratamiento de sus datos personales infringe la normativa aplicable o, sencillamente, no est\u00e1 satisfecho con el ejercicio de sus derechos, tiene derecho a presentar una reclamaci\u00f3n ante:<\/p>\n<p>&#8211; La Agencia Espa\u00f1ola de Protecci\u00f3n de Datos, a trav\u00e9s de alguna de las v\u00edas siguientes:<\/p>\n<p>A trav\u00e9s del tel\u00e9fono +34 900 293 183<br \/>\nA trav\u00e9s de medios electr\u00f3nicos, dirigi\u00e9ndose a la web https:\/\/www.aepd.es\/es\/la-agencia\/donde-encontrarnos<\/p>\n<p>&#8211; La Autoridad Catalana de Protecci\u00f3n de Datos, a trav\u00e9s de alguna de las v\u00edas siguientes:<br \/>\ny. A trav\u00e9s del tel\u00e9fono +34 93.552.78.00;<br \/>\nii. A trav\u00e9s de medios electr\u00f3nicos, dirigi\u00e9ndose a la web https:\/\/apdcat.gencat.cat\/ca\/seu_electronica\/serveis\/atencio\/<\/p>\n<p>iii. Presencialmente pidiendo hora al correo atenciopublic.apdcat@gencat.cat<\/p>\n<p><strong>Veracidad de los datos<\/strong><\/p>\n<p>Los\/las colegiados\/des son responsables de la veracidad de sus datos, comprometi\u00e9ndose a no introducir datos falsos y a proceder a la modificaci\u00f3n de estas si hace falta.<\/p>\n","protected":false},"excerpt":{"rendered":"<p>De acuerdo con el que dispone el Reglamento (UE)\u00a02016\/679\u00a0de 27 de abril de 2016 (en lo sucesivo, \u00abRGPD\u00bb) y la Ley Org\u00e1nica de Protecci\u00f3n de Datos y de Garant\u00eda de los Derechos Digitales (en lo sucesivo, \u201c*LOPDGDD\u201d), el Colegio de Arquitectos de Catalu\u00f1a (en lo sucesivo, \u00ab*COAC\u00bb) quiere que el Usuario conozca cu\u00e1l es la&#8230;<\/p>\n","protected":false},"author":1,"featured_media":0,"parent":0,"menu_order":0,"comment_status":"closed","ping_status":"closed","template":"","meta":{"footnotes":""},"yoast_head":"<!-- This site is optimized with the Yoast SEO plugin v22.9 - https:\/\/yoast.com\/wordpress\/plugins\/seo\/ -->\n<title>Pol\u00edtica de privacidad | AUS Arquitectes<\/title>\n<meta name=\"description\" content=\"De acuerdo con lo que dispone el RGPD y la LOPDGDD, el COAC quiere que el Usuario conozca cu\u00e1l es la Pol\u00edtica de Privacidad respecto a sus datos personales.\" \/>\n<meta name=\"robots\" content=\"index, follow, max-snippet:-1, max-image-preview:large, max-video-preview:-1\" \/>\n<link rel=\"canonical\" href=\"https:\/\/aus.arquitectes.cat\/politica-de-privacitat\/\" \/>\n<meta property=\"og:locale\" content=\"es_ES\" \/>\n<meta property=\"og:type\" content=\"article\" \/>\n<meta property=\"og:title\" content=\"Pol\u00edtica de privacidad | AUS Arquitectes\" \/>\n<meta property=\"og:description\" content=\"De acuerdo con lo que dispone el RGPD y la LOPDGDD, el COAC quiere que el Usuario conozca cu\u00e1l es la Pol\u00edtica de Privacidad respecto a sus datos personales.\" \/>\n<meta property=\"og:url\" content=\"https:\/\/aus.arquitectes.cat\/politica-de-privacitat\/\" \/>\n<meta property=\"og:site_name\" content=\"AUS Arquitectes\" \/>\n<meta property=\"article:modified_time\" content=\"2023-10-26T11:50:00+00:00\" \/>\n<meta name=\"twitter:card\" content=\"summary_large_image\" \/>\n<meta name=\"twitter:label1\" content=\"Tiempo de lectura\" \/>\n\t<meta name=\"twitter:data1\" content=\"13 minutos\" \/>\n<script type=\"application\/ld+json\" class=\"yoast-schema-graph\">{\"@context\":\"https:\/\/schema.org\",\"@graph\":[{\"@type\":\"WebPage\",\"@id\":\"https:\/\/aus.arquitectes.cat\/politica-de-privacitat\/\",\"url\":\"https:\/\/aus.arquitectes.cat\/politica-de-privacitat\/\",\"name\":\"Pol\u00edtica de privacidad | AUS Arquitectes\",\"isPartOf\":{\"@id\":\"https:\/\/aus.arquitectes.cat\/#website\"},\"datePublished\":\"2023-10-09T10:10:16+00:00\",\"dateModified\":\"2023-10-26T11:50:00+00:00\",\"description\":\"De acuerdo con lo que dispone el RGPD y la LOPDGDD, el COAC quiere que el Usuario conozca cu\u00e1l es la Pol\u00edtica de Privacidad respecto a sus datos personales.\",\"breadcrumb\":{\"@id\":\"https:\/\/aus.arquitectes.cat\/politica-de-privacitat\/#breadcrumb\"},\"inLanguage\":\"es\",\"potentialAction\":[{\"@type\":\"ReadAction\",\"target\":[\"https:\/\/aus.arquitectes.cat\/politica-de-privacitat\/\"]}]},{\"@type\":\"BreadcrumbList\",\"@id\":\"https:\/\/aus.arquitectes.cat\/politica-de-privacitat\/#breadcrumb\",\"itemListElement\":[{\"@type\":\"ListItem\",\"position\":1,\"name\":\"Portada\",\"item\":\"https:\/\/aus.arquitectes.cat\/es\/\"},{\"@type\":\"ListItem\",\"position\":2,\"name\":\"Pol\u00edtica de privacidad\"}]},{\"@type\":\"WebSite\",\"@id\":\"https:\/\/aus.arquitectes.cat\/#website\",\"url\":\"https:\/\/aus.arquitectes.cat\/\",\"name\":\"AUS Arquitectes\",\"description\":\"\",\"potentialAction\":[{\"@type\":\"SearchAction\",\"target\":{\"@type\":\"EntryPoint\",\"urlTemplate\":\"https:\/\/aus.arquitectes.cat\/?s={search_term_string}\"},\"query-input\":\"required name=search_term_string\"}],\"inLanguage\":\"es\"}]}<\/script>\n<!-- \/ Yoast SEO plugin. -->","yoast_head_json":{"title":"Pol\u00edtica de privacidad | AUS Arquitectes","description":"De acuerdo con lo que dispone el RGPD y la LOPDGDD, el COAC quiere que el Usuario conozca cu\u00e1l es la Pol\u00edtica de Privacidad respecto a sus datos personales.","robots":{"index":"index","follow":"follow","max-snippet":"max-snippet:-1","max-image-preview":"max-image-preview:large","max-video-preview":"max-video-preview:-1"},"canonical":"https:\/\/aus.arquitectes.cat\/politica-de-privacitat\/","og_locale":"es_ES","og_type":"article","og_title":"Pol\u00edtica de privacidad | AUS Arquitectes","og_description":"De acuerdo con lo que dispone el RGPD y la LOPDGDD, el COAC quiere que el Usuario conozca cu\u00e1l es la Pol\u00edtica de Privacidad respecto a sus datos personales.","og_url":"https:\/\/aus.arquitectes.cat\/politica-de-privacitat\/","og_site_name":"AUS Arquitectes","article_modified_time":"2023-10-26T11:50:00+00:00","twitter_card":"summary_large_image","twitter_misc":{"Tiempo de lectura":"13 minutos"},"schema":{"@context":"https:\/\/schema.org","@graph":[{"@type":"WebPage","@id":"https:\/\/aus.arquitectes.cat\/politica-de-privacitat\/","url":"https:\/\/aus.arquitectes.cat\/politica-de-privacitat\/","name":"Pol\u00edtica de privacidad | AUS Arquitectes","isPartOf":{"@id":"https:\/\/aus.arquitectes.cat\/#website"},"datePublished":"2023-10-09T10:10:16+00:00","dateModified":"2023-10-26T11:50:00+00:00","description":"De acuerdo con lo que dispone el RGPD y la LOPDGDD, el COAC quiere que el Usuario conozca cu\u00e1l es la Pol\u00edtica de Privacidad respecto a sus datos personales.","breadcrumb":{"@id":"https:\/\/aus.arquitectes.cat\/politica-de-privacitat\/#breadcrumb"},"inLanguage":"es","potentialAction":[{"@type":"ReadAction","target":["https:\/\/aus.arquitectes.cat\/politica-de-privacitat\/"]}]},{"@type":"BreadcrumbList","@id":"https:\/\/aus.arquitectes.cat\/politica-de-privacitat\/#breadcrumb","itemListElement":[{"@type":"ListItem","position":1,"name":"Portada","item":"https:\/\/aus.arquitectes.cat\/es\/"},{"@type":"ListItem","position":2,"name":"Pol\u00edtica de privacidad"}]},{"@type":"WebSite","@id":"https:\/\/aus.arquitectes.cat\/#website","url":"https:\/\/aus.arquitectes.cat\/","name":"AUS Arquitectes","description":"","potentialAction":[{"@type":"SearchAction","target":{"@type":"EntryPoint","urlTemplate":"https:\/\/aus.arquitectes.cat\/?s={search_term_string}"},"query-input":"required name=search_term_string"}],"inLanguage":"es"}]}},"_links":{"self":[{"href":"https:\/\/aus.arquitectes.cat\/es\/wp-json\/wp\/v2\/pages\/12652"}],"collection":[{"href":"https:\/\/aus.arquitectes.cat\/es\/wp-json\/wp\/v2\/pages"}],"about":[{"href":"https:\/\/aus.arquitectes.cat\/es\/wp-json\/wp\/v2\/types\/page"}],"author":[{"embeddable":true,"href":"https:\/\/aus.arquitectes.cat\/es\/wp-json\/wp\/v2\/users\/1"}],"replies":[{"embeddable":true,"href":"https:\/\/aus.arquitectes.cat\/es\/wp-json\/wp\/v2\/comments?post=12652"}],"version-history":[{"count":4,"href":"https:\/\/aus.arquitectes.cat\/es\/wp-json\/wp\/v2\/pages\/12652\/revisions"}],"predecessor-version":[{"id":12661,"href":"https:\/\/aus.arquitectes.cat\/es\/wp-json\/wp\/v2\/pages\/12652\/revisions\/12661"}],"wp:attachment":[{"href":"https:\/\/aus.arquitectes.cat\/es\/wp-json\/wp\/v2\/media?parent=12652"}],"curies":[{"name":"wp","href":"https:\/\/api.w.org\/{rel}","templated":true}]}}